{"id":5204,"date":"2019-10-04T13:06:49","date_gmt":"2019-10-04T10:06:49","guid":{"rendered":"http:\/\/www.elainklinikkakotisalo.fi\/milfeddyg\/?page_id=5204"},"modified":"2024-07-07T13:55:47","modified_gmt":"2024-07-07T10:55:47","slug":"pentue-v","status":"publish","type":"page","link":"http:\/\/www.elainklinikkakotisalo.fi\/milfeddyg\/pentueet\/kooikerhondje\/pentue-v\/","title":{"rendered":"Pentue V"},"content":{"rendered":"<p>syntynyt 15.6.2019<\/p>\n<p>&nbsp;<\/p>\n<div id=\"attachment_5205\" style=\"width: 310px\" class=\"wp-caption alignleft\"><img loading=\"lazy\" decoding=\"async\" aria-describedby=\"caption-attachment-5205\" class=\"size-medium wp-image-5205\" src=\"http:\/\/www.elainklinikkakotisalo.fi\/milfeddyg\/wp-content\/uploads\/2019\/09\/IMG_8285-300x205.jpg\" alt=\"\" width=\"300\" height=\"205\" srcset=\"http:\/\/www.elainklinikkakotisalo.fi\/milfeddyg\/wp-content\/uploads\/2019\/09\/IMG_8285-300x205.jpg 300w, http:\/\/www.elainklinikkakotisalo.fi\/milfeddyg\/wp-content\/uploads\/2019\/09\/IMG_8285-768x524.jpg 768w, http:\/\/www.elainklinikkakotisalo.fi\/milfeddyg\/wp-content\/uploads\/2019\/09\/IMG_8285.jpg 1024w\" sizes=\"auto, (max-width: 300px) 100vw, 300px\" \/><p id=\"caption-attachment-5205\" class=\"wp-caption-text\">Pauli<\/p><\/div>\n<div id=\"attachment_5206\" style=\"width: 310px\" class=\"wp-caption alignright\"><img loading=\"lazy\" decoding=\"async\" aria-describedby=\"caption-attachment-5206\" class=\"wp-image-5206 size-medium\" src=\"http:\/\/www.elainklinikkakotisalo.fi\/milfeddyg\/wp-content\/uploads\/2019\/09\/Prinka-300x194.jpg\" alt=\"\" width=\"300\" height=\"194\" srcset=\"http:\/\/www.elainklinikkakotisalo.fi\/milfeddyg\/wp-content\/uploads\/2019\/09\/Prinka-300x194.jpg 300w, http:\/\/www.elainklinikkakotisalo.fi\/milfeddyg\/wp-content\/uploads\/2019\/09\/Prinka-768x498.jpg 768w, http:\/\/www.elainklinikkakotisalo.fi\/milfeddyg\/wp-content\/uploads\/2019\/09\/Prinka.jpg 960w\" sizes=\"auto, (max-width: 300px) 100vw, 300px\" \/><p id=\"caption-attachment-5206\" class=\"wp-caption-text\">Prinka<\/p><\/div>\n<p>&nbsp;<\/p>\n<p>&nbsp;<\/p>\n<p>&nbsp;<\/p>\n<p>&nbsp;<\/p>\n<p>&nbsp;<\/p>\n<p>&nbsp;<\/p>\n<p>&nbsp;<\/p>\n<p>Emo:\u00a0<small>C.I.B. FI MVA EE MVA LT MVA RU MVA RKFV<\/small>\u00a0, RTK4\u00a0 \u00a0 \u00a0<strong>CZUPRYNKA BURSZTYNOWY ZAKATEK<\/strong>\u00a0 &#8221;Prinka&#8221;<\/p>\n<p>FI50076\/13\u00a0<a href=\"https:\/\/jalostus.kennelliitto.fi\/frmKoira.aspx?RekNo=FI50076%2F13&amp;R=314\">\u00a0https:\/\/jalostus.kennelliitto.fi\/frmKoira.aspx?RekNo=FI50076%2F13&amp;R=314<\/a><\/p>\n<p><strong>is\u00e4<\/strong>:\u00a0<small>FI MVA PMJV-17 PMV-17<\/small>\u00a0<strong>OORBELLEN PAUL<\/strong>\u00a0 &#8221;Pauli&#8221;\u00a0FI49275\/16<\/p>\n<p><a href=\"https:\/\/jalostus.kennelliitto.fi\/frmKoira.aspx?RekNo=FI49275%2F16&amp;R=314\">https:\/\/jalostus.kennelliitto.fi\/frmKoira.aspx?RekNo=FI49275%2F16&amp;R=314<\/a><\/p>\n<p>&nbsp;<\/p>\n<p><a href=\"https:\/\/jalostus.kennelliitto.fi\/frmKoira.aspx?RekNo=FI37798%2F19&amp;R=314\">Milfeddyg Vriendelijk Paupinka<\/a> FI37798\/19\u00a0 &#8221;Tinka&#8221;, narttu<\/p>\n<p>om Inkeri Viuhkonen, Taipalsaari<\/p>\n<p>&nbsp;<\/p>\n<p><img loading=\"lazy\" decoding=\"async\" class=\"alignleft size-medium wp-image-5712\" src=\"http:\/\/www.elainklinikkakotisalo.fi\/milfeddyg\/wp-content\/uploads\/2024\/07\/IMG_80012-300x205.jpg\" alt=\"\" width=\"300\" height=\"205\" srcset=\"http:\/\/www.elainklinikkakotisalo.fi\/milfeddyg\/wp-content\/uploads\/2024\/07\/IMG_80012-300x205.jpg 300w, http:\/\/www.elainklinikkakotisalo.fi\/milfeddyg\/wp-content\/uploads\/2024\/07\/IMG_80012-768x525.jpg 768w, http:\/\/www.elainklinikkakotisalo.fi\/milfeddyg\/wp-content\/uploads\/2024\/07\/IMG_80012.jpg 1024w\" sizes=\"auto, (max-width: 300px) 100vw, 300px\" \/><\/p>\n<p>&nbsp;<\/p>\n<p>&nbsp;<\/p>\n<p>&nbsp;<\/p>\n<p>&nbsp;<\/p>\n<p>&nbsp;<\/p>\n<p>&nbsp;<\/p>\n<p>Tinka 2023<\/p>\n<p><a href=\"https:\/\/jalostus.kennelliitto.fi\/frmKoira.aspx?RekNo=FI37799%2F19&amp;R=314\">Milfeddyg Vagebond Paupinka<\/a> &#8221;Ferdi&#8221;\u00a0 FI37799\/19 , uros<\/p>\n<p>om Anna ja Henri Karppinen, Savitaipale<\/p>\n<p><img loading=\"lazy\" decoding=\"async\" class=\"alignleft size-medium wp-image-5426\" src=\"http:\/\/www.elainklinikkakotisalo.fi\/milfeddyg\/wp-content\/uploads\/2019\/10\/Ferdi-4-300x225.jpg\" alt=\"\" width=\"300\" height=\"225\" srcset=\"http:\/\/www.elainklinikkakotisalo.fi\/milfeddyg\/wp-content\/uploads\/2019\/10\/Ferdi-4-300x225.jpg 300w, http:\/\/www.elainklinikkakotisalo.fi\/milfeddyg\/wp-content\/uploads\/2019\/10\/Ferdi-4-768x576.jpg 768w, http:\/\/www.elainklinikkakotisalo.fi\/milfeddyg\/wp-content\/uploads\/2019\/10\/Ferdi-4.jpg 960w\" sizes=\"auto, (max-width: 300px) 100vw, 300px\" \/><\/p>\n<p>&nbsp;<\/p>\n<p>&nbsp;<\/p>\n<p>&nbsp;<\/p>\n<p>&nbsp;<\/p>\n<p>&nbsp;<\/p>\n<p>&nbsp;<\/p>\n<p>Ferdi 1 V<\/p>\n<p><a href=\"https:\/\/jalostus.kennelliitto.fi\/frmKoira.aspx?RekNo=FI37800%2F19&amp;R=314\">Milfeddyg Verliefd Paupinka<\/a>\u00a0 &#8221; K\u00f6ssi&#8221; FI37800\/19, uros<\/p>\n<p>om Kaija Pylkk\u00e4nen, Lappeenranta<\/p>\n<p>&nbsp;<\/p>\n<div class=\"mceTemp\"><\/div>\n<p><img loading=\"lazy\" decoding=\"async\" class=\"alignleft size-medium wp-image-5713\" src=\"http:\/\/www.elainklinikkakotisalo.fi\/milfeddyg\/wp-content\/uploads\/2024\/07\/IMG_6894-300x205.jpg\" alt=\"\" width=\"300\" height=\"205\" srcset=\"http:\/\/www.elainklinikkakotisalo.fi\/milfeddyg\/wp-content\/uploads\/2024\/07\/IMG_6894-300x205.jpg 300w, http:\/\/www.elainklinikkakotisalo.fi\/milfeddyg\/wp-content\/uploads\/2024\/07\/IMG_6894-768x526.jpg 768w, http:\/\/www.elainklinikkakotisalo.fi\/milfeddyg\/wp-content\/uploads\/2024\/07\/IMG_6894.jpg 1024w\" sizes=\"auto, (max-width: 300px) 100vw, 300px\" \/><\/p>\n<p>&nbsp;<\/p>\n<p>&nbsp;<\/p>\n<p>&nbsp;<\/p>\n<p>&nbsp;<\/p>\n<p>&nbsp;<\/p>\n<p>&nbsp;<\/p>\n<p>K\u00f6ssi 4 v<\/p>\n<p>&nbsp;<\/p>\n<p><a href=\"https:\/\/jalostus.kennelliitto.fi\/frmKoira.aspx?RekNo=FI37801%2F19&amp;R=314\">Milfeddyg Vaardig Paupinka<\/a> &#8221;Kirwa&#8221; FI37801\/19, uros<\/p>\n<p>om Liisa Kotisalo, Lappeenranta<\/p>\n<p><img loading=\"lazy\" decoding=\"async\" class=\"alignleft size-medium wp-image-5425\" src=\"http:\/\/www.elainklinikkakotisalo.fi\/milfeddyg\/wp-content\/uploads\/2019\/10\/IMG_5444-2-300x225.jpg\" alt=\"\" width=\"300\" height=\"225\" srcset=\"http:\/\/www.elainklinikkakotisalo.fi\/milfeddyg\/wp-content\/uploads\/2019\/10\/IMG_5444-2-300x225.jpg 300w, http:\/\/www.elainklinikkakotisalo.fi\/milfeddyg\/wp-content\/uploads\/2019\/10\/IMG_5444-2-768x575.jpg 768w, http:\/\/www.elainklinikkakotisalo.fi\/milfeddyg\/wp-content\/uploads\/2019\/10\/IMG_5444-2.jpg 1024w\" sizes=\"auto, (max-width: 300px) 100vw, 300px\" \/><\/p>\n<p><img loading=\"lazy\" decoding=\"async\" class=\"alignright size-medium wp-image-5324\" src=\"http:\/\/www.elainklinikkakotisalo.fi\/milfeddyg\/wp-content\/uploads\/2019\/10\/IMG_4701-300x200.jpg\" alt=\"\" width=\"300\" height=\"200\" srcset=\"http:\/\/www.elainklinikkakotisalo.fi\/milfeddyg\/wp-content\/uploads\/2019\/10\/IMG_4701-300x200.jpg 300w, http:\/\/www.elainklinikkakotisalo.fi\/milfeddyg\/wp-content\/uploads\/2019\/10\/IMG_4701-768x512.jpg 768w, http:\/\/www.elainklinikkakotisalo.fi\/milfeddyg\/wp-content\/uploads\/2019\/10\/IMG_4701.jpg 1024w\" sizes=\"auto, (max-width: 300px) 100vw, 300px\" \/><\/p>\n<p>&nbsp;<\/p>\n<p>&nbsp;<\/p>\n<p>&nbsp;<\/p>\n<p>&nbsp;<\/p>\n<p>&nbsp;<\/p>\n<p>&nbsp;<\/p>\n<p>Kirva 3 v<\/p>\n<p><a href=\"https:\/\/jalostus.kennelliitto.fi\/frmKoira.aspx?RekNo=FI37802%2F19&amp;R=314\">Milfeddyg Voorloper Paupinka<\/a> &#8221; Vikke&#8221; FI37802\/19, uros<\/p>\n<p>om Sari Laukkanen, Lemp\u00e4\u00e4l\u00e4<\/p>\n<p>&nbsp;<\/p>\n<p><img loading=\"lazy\" decoding=\"async\" class=\"alignleft size-medium wp-image-5422\" src=\"http:\/\/www.elainklinikkakotisalo.fi\/milfeddyg\/wp-content\/uploads\/2019\/10\/Vikke-seisoo-3-300x200.jpg\" alt=\"\" width=\"300\" height=\"200\" srcset=\"http:\/\/www.elainklinikkakotisalo.fi\/milfeddyg\/wp-content\/uploads\/2019\/10\/Vikke-seisoo-3-300x200.jpg 300w, http:\/\/www.elainklinikkakotisalo.fi\/milfeddyg\/wp-content\/uploads\/2019\/10\/Vikke-seisoo-3-768x513.jpg 768w, http:\/\/www.elainklinikkakotisalo.fi\/milfeddyg\/wp-content\/uploads\/2019\/10\/Vikke-seisoo-3.jpg 803w\" sizes=\"auto, (max-width: 300px) 100vw, 300px\" \/><\/p>\n<p>&nbsp;<\/p>\n<p>&nbsp;<\/p>\n<p>&nbsp;<\/p>\n<p>&nbsp;<\/p>\n<p>&nbsp;<\/p>\n<p>&nbsp;<\/p>\n<p>Vikke 1 v<\/p>\n<p><a href=\"https:\/\/jalostus.kennelliitto.fi\/frmKoira.aspx?RekNo=FI37803%2F19&amp;R=314\">Milfeddyg Verheugd<\/a>\u00a0 &#8221;Milo&#8221; FI37803\/19, uros<\/p>\n<p>om Ilona Koski, Espoo<\/p>\n<p><img loading=\"lazy\" decoding=\"async\" class=\"alignleft size-medium wp-image-5423\" src=\"http:\/\/www.elainklinikkakotisalo.fi\/milfeddyg\/wp-content\/uploads\/2019\/10\/IMG_0774-2-300x212.jpg\" alt=\"\" width=\"300\" height=\"212\" srcset=\"http:\/\/www.elainklinikkakotisalo.fi\/milfeddyg\/wp-content\/uploads\/2019\/10\/IMG_0774-2-300x212.jpg 300w, http:\/\/www.elainklinikkakotisalo.fi\/milfeddyg\/wp-content\/uploads\/2019\/10\/IMG_0774-2-768x542.jpg 768w, http:\/\/www.elainklinikkakotisalo.fi\/milfeddyg\/wp-content\/uploads\/2019\/10\/IMG_0774-2.jpg 1024w\" sizes=\"auto, (max-width: 300px) 100vw, 300px\" \/><\/p>\n<p>&nbsp;<\/p>\n<p>&nbsp;<\/p>\n<p>&nbsp;<\/p>\n<p>&nbsp;<\/p>\n<p>&nbsp;<\/p>\n<p>&nbsp;<\/p>\n<p>Milo 1 v<\/p>\n<p><a href=\"https:\/\/jalostus.kennelliitto.fi\/frmKoira.aspx?RekNo=FI37804%2F19&amp;R=314\">Milfeddyg Verheven Paupinka<\/a> &#8221; Edi&#8221; FI37804\/19, uros<\/p>\n<p>om Marianna Aaltonen , Tesjoki<\/p>\n<p>&nbsp;<\/p>\n<p><img loading=\"lazy\" decoding=\"async\" class=\"alignleft size-medium wp-image-5714\" src=\"http:\/\/www.elainklinikkakotisalo.fi\/milfeddyg\/wp-content\/uploads\/2024\/07\/Milfeddyg-Verheven-Paupinka-300x200.jpg\" alt=\"\" width=\"300\" height=\"200\" srcset=\"http:\/\/www.elainklinikkakotisalo.fi\/milfeddyg\/wp-content\/uploads\/2024\/07\/Milfeddyg-Verheven-Paupinka-300x200.jpg 300w, http:\/\/www.elainklinikkakotisalo.fi\/milfeddyg\/wp-content\/uploads\/2024\/07\/Milfeddyg-Verheven-Paupinka-768x513.jpg 768w, http:\/\/www.elainklinikkakotisalo.fi\/milfeddyg\/wp-content\/uploads\/2024\/07\/Milfeddyg-Verheven-Paupinka.jpg 1024w\" sizes=\"auto, (max-width: 300px) 100vw, 300px\" \/><\/p>\n<p>&nbsp;<\/p>\n<p>&nbsp;<\/p>\n<p>&nbsp;<\/p>\n<p>&nbsp;<\/p>\n<p>&nbsp;<\/p>\n<p>&nbsp;<\/p>\n<p>Edi 3v<\/p>\n<p>&nbsp;<\/p>\n<p><img loading=\"lazy\" decoding=\"async\" class=\"alignleft size-medium wp-image-5231\" src=\"http:\/\/www.elainklinikkakotisalo.fi\/milfeddyg\/wp-content\/uploads\/2019\/09\/IMG_6150-300x225.jpg\" alt=\"\" width=\"300\" height=\"225\" srcset=\"http:\/\/www.elainklinikkakotisalo.fi\/milfeddyg\/wp-content\/uploads\/2019\/09\/IMG_6150-300x225.jpg 300w, http:\/\/www.elainklinikkakotisalo.fi\/milfeddyg\/wp-content\/uploads\/2019\/09\/IMG_6150-768x576.jpg 768w, http:\/\/www.elainklinikkakotisalo.fi\/milfeddyg\/wp-content\/uploads\/2019\/09\/IMG_6150.jpg 1024w\" sizes=\"auto, (max-width: 300px) 100vw, 300px\" \/> <img loading=\"lazy\" decoding=\"async\" class=\"alignleft size-medium wp-image-5232\" src=\"http:\/\/www.elainklinikkakotisalo.fi\/milfeddyg\/wp-content\/uploads\/2019\/09\/IMG_6481-300x225.jpg\" alt=\"\" width=\"300\" height=\"225\" srcset=\"http:\/\/www.elainklinikkakotisalo.fi\/milfeddyg\/wp-content\/uploads\/2019\/09\/IMG_6481-300x225.jpg 300w, http:\/\/www.elainklinikkakotisalo.fi\/milfeddyg\/wp-content\/uploads\/2019\/09\/IMG_6481-768x576.jpg 768w, http:\/\/www.elainklinikkakotisalo.fi\/milfeddyg\/wp-content\/uploads\/2019\/09\/IMG_6481.jpg 1024w\" sizes=\"auto, (max-width: 300px) 100vw, 300px\" \/><\/p>\n<p>&nbsp;<\/p>\n<p>&nbsp;<\/p>\n<p>&nbsp;<\/p>\n<p>&nbsp;<\/p>\n<p>&nbsp;<\/p>\n<p>&nbsp;<\/p>\n<p>&nbsp;<\/p>\n<p>&nbsp;<\/p>\n<p>&nbsp;<\/p>\n<p>&nbsp;<\/p>\n<p>&nbsp;<\/p>\n<p>&nbsp;<\/p>\n<div id=\"mailtoikkunamodalPopupTo\" style=\"z-index: 1102;\">\n<div id=\"mailtoikkunapopupMailContentModal\">\n<div id=\"mailtoikkunamailModalToClose\"><\/div>\n<div id=\"mailtoikkunapopupToQuestionModal\">What do you want to do ?<\/div>\n<p><a id=\"mailtoikkunacreateApp\"><\/a>New mail<button id=\"mailtoikkunabuttonEmail\">Copy<\/button><textarea id=\"mailtoikkunatextCopyClipboardSelect\"><\/textarea><\/p>\n<\/div>\n<\/div>\n<div><img \/><\/div>\n","protected":false},"excerpt":{"rendered":"<p>syntynyt 15.6.2019 &nbsp; &nbsp; &nbsp; &nbsp; &nbsp; &nbsp; &nbsp; &nbsp; Emo:\u00a0C.I.B. FI MVA EE MVA LT MVA RU MVA RKFV\u00a0, RTK4\u00a0 \u00a0 \u00a0CZUPRYNKA BURSZTYNOWY ZAKATEK\u00a0 &#8221;Prinka&#8221; FI50076\/13\u00a0\u00a0https:\/\/jalostus.kennelliitto.fi\/frmKoira.aspx?RekNo=FI50076%2F13&amp;R=314 is\u00e4:\u00a0FI MVA PMJV-17 PMV-17\u00a0OORBELLEN PAUL\u00a0 &#8221;Pauli&#8221;\u00a0FI49275\/16 https:\/\/jalostus.kennelliitto.fi\/frmKoira.aspx?RekNo=FI49275%2F16&amp;R=314 &nbsp; Milfeddyg Vriendelijk Paupinka FI37798\/19\u00a0 &#8221;Tinka&#8221;, narttu om Inkeri Viuhkonen, Taipalsaari &nbsp; &nbsp; &nbsp; &nbsp; &nbsp; &nbsp; &nbsp; Tinka 2023 Milfeddyg [&hellip;]<\/p>\n","protected":false},"author":3,"featured_media":0,"parent":229,"menu_order":8,"comment_status":"closed","ping_status":"closed","template":"","meta":{"footnotes":""},"class_list":["post-5204","page","type-page","status-publish","hentry"],"_links":{"self":[{"href":"http:\/\/www.elainklinikkakotisalo.fi\/milfeddyg\/wp-json\/wp\/v2\/pages\/5204","targetHints":{"allow":["GET"]}}],"collection":[{"href":"http:\/\/www.elainklinikkakotisalo.fi\/milfeddyg\/wp-json\/wp\/v2\/pages"}],"about":[{"href":"http:\/\/www.elainklinikkakotisalo.fi\/milfeddyg\/wp-json\/wp\/v2\/types\/page"}],"author":[{"embeddable":true,"href":"http:\/\/www.elainklinikkakotisalo.fi\/milfeddyg\/wp-json\/wp\/v2\/users\/3"}],"replies":[{"embeddable":true,"href":"http:\/\/www.elainklinikkakotisalo.fi\/milfeddyg\/wp-json\/wp\/v2\/comments?post=5204"}],"version-history":[{"count":11,"href":"http:\/\/www.elainklinikkakotisalo.fi\/milfeddyg\/wp-json\/wp\/v2\/pages\/5204\/revisions"}],"predecessor-version":[{"id":5715,"href":"http:\/\/www.elainklinikkakotisalo.fi\/milfeddyg\/wp-json\/wp\/v2\/pages\/5204\/revisions\/5715"}],"up":[{"embeddable":true,"href":"http:\/\/www.elainklinikkakotisalo.fi\/milfeddyg\/wp-json\/wp\/v2\/pages\/229"}],"wp:attachment":[{"href":"http:\/\/www.elainklinikkakotisalo.fi\/milfeddyg\/wp-json\/wp\/v2\/media?parent=5204"}],"curies":[{"name":"wp","href":"https:\/\/api.w.org\/{rel}","templated":true}]}}